{"version":"1.0","provider_name":"webvarroda","provider_url":"https:\/\/webvarroda.cafeblog.hu","author_name":"JuliaHenrietta","author_url":"https:\/\/webvarroda.cafeblog.hu\/author\/juliahenriett\/","title":"Norv\u00e9gia, vikingorsz\u00e1g","html":"Ezt a r\u00e9g nem haszn\u00e1lt blogomat vettem most el\u0151, hogy a 2018. m\u00e1jus 23-t\u00f3l 28-ig tart\u00f3 id\u0151szakot, melyet Norv\u00e9gi\u00e1ban t\u00f6lthettem, le\u00edrhassam azoknak, akik k\u00edv\u00e1ncsiak r\u00e1, \u00e9s olvashassa mindenki, akit \u00e9rdekel.\r\n\r\nN\u00e9vnapom alkalm\u00e1b\u00f3l az id\u00e9n elutaztam n\u00e9h\u00e1ny napra ism\u00e9t Norv\u00e9gi\u00e1ba, Szilvi bar\u00e1tn\u0151mh\u00f6z, akivel 10 \u00e9ves korunkt\u00f3l igaz\u00e1b\u00f3l \u00f6ssze voltunk n\u0151ve. Azt\u00e1n m\u00e1sfel\u00e9 vitt minket a sors, de az\u00e9rt \u00e9vente 1-2x tal\u00e1lkozunk, tudunk egym\u00e1s dolgair\u00f3l, emailez\u00fcnk, n\u00e9ha telefon\u00e1lunk. Sajnos a harmadik bar\u00e1tosn\u00e9nk, Zsuzsi nem tudott velem j\u00f6nni, tal\u00e1n majd j\u00f6v\u0151re vagy ut\u00e1na.\r\n\r\nEgy gy\u00f6ny\u00f6r\u0171 sz\u00e9p, \u00fajaut\u00f3-illat\u00fa Boeing 737-essel mentem, ez volt a m\u00e1sodik \u00fatja, elk\u00e9peszt\u0151 \u00e9rz\u00e9s volt. Am\u00fagy is szeretek rep\u00fclni, a fel- \u00e9s lesz\u00e1ll\u00e1s a legjobb, k\u00f6vetkez\u0151 \u00e9letemben pil\u00f3ta leszek vagy \u0171rhaj\u00f3s.\r\n\r\n(L\u00e1tszik, hogy az ablakon \u00e1t k\u00e9sz\u00edtett fot\u00f3 milyen tiszta, m\u00e9g nem volt \u00f6sszetapicskolva az \u00fcveg \u00e9s nem volt p\u00e1r\u00e1s a k\u00e9t r\u00e9teg k\u00f6z\u00f6tt.)\r\n\r\n<img class=\"aligncenter size-medium wp-image-221\" src=\"https:\/\/webvarroda.cafeblog.hu\/files\/2018\/06\/IMG_20180523_125527-300x225.jpg\" alt=\"\" width=\"300\" height=\"225\" \/>\r\n\r\n[caption id=\"attachment_227\" align=\"aligncenter\" width=\"300\"]<img class=\"size-medium wp-image-227\" src=\"https:\/\/webvarroda.cafeblog.hu\/files\/2018\/06\/IMG_20180523_134826-300x225.jpg\" alt=\"\" width=\"300\" height=\"225\" \/> l\u00e1that\u00f3, ahol tal\u00e1lkozik a tenger \u00e9s a sz\u00e1razf\u00f6ld[\/caption]\r\n\r\n&nbsp;\r\n\r\nOsloban vonatra sz\u00e1lltam \u00e9s 2,5 \u00f3ra vonatoz\u00e1s ut\u00e1n Larvikban voltam, ez a v\u00e1ros kiss\u00e9 d\u00e9lebbre van Oslot\u00f3l, a tengerparton. A vonaton a 'Quiet' kocsiba \u00fcltem (v\u00e9letlen\u00fcl, pont az \u00e1llt meg el\u0151ttem, mikor a peronon \u00e1lltam), itt szigor\u00faan cs\u00f6ndben volt mindenki, sokan aludtak (szemv\u00e9d\u0151vel), dolgoztak laptopon vagy zen\u00e9t hallgattak f\u00fclhallgat\u00f3val. Nem mondt\u00e1k be a meg\u00e1ll\u00f3kat sem, de a kijelz\u0151n lehetett k\u00f6vetni. Kellemes volt \u00edgy utazni, f\u0151leg, miut\u00e1n a rep\u00fcl\u0151n egy mindenhez \u00e9rt\u0151 f\u00e9rfi \u00fclt mellettem \u00e9s besz\u00e9lt eg\u00e9sz \u00faton, megteltem teljesen az emberi hanggal (\u00e9s h\u00fclyes\u00e9ggel).\r\n\r\nSzilvi\u00e9k h\u00e1za, kertje:\r\n\r\n<img class=\"aligncenter size-medium wp-image-250\" src=\"https:\/\/webvarroda.cafeblog.hu\/files\/2018\/06\/IMG_20180524_130341-300x225.jpg\" alt=\"\" width=\"300\" height=\"225\" \/>\r\n\r\n[caption id=\"attachment_251\" align=\"aligncenter\" width=\"300\"]<img class=\"size-medium wp-image-251\" src=\"https:\/\/webvarroda.cafeblog.hu\/files\/2018\/06\/IMG_20180524_130347-300x225.jpg\" alt=\"\" width=\"300\" height=\"225\" \/> fa bor\u00edt\u00e1s\u00fa a h\u00e1z (fele t\u00e9gla, fele fa), de nagyon macer\u00e1s, mert \u00e9vente k\u00e9tszer le kell mosni, kezelni a f\u00e1t, Szilvi\u00e9k most cser\u00e9lik a h\u00e1z teljes burkolat\u00e1t.[\/caption]\r\n\r\n[caption id=\"attachment_252\" align=\"aligncenter\" width=\"300\"]<img class=\"size-medium wp-image-252\" src=\"https:\/\/webvarroda.cafeblog.hu\/files\/2018\/06\/IMG_20180524_132239-300x225.jpg\" alt=\"\" width=\"300\" height=\"225\" \/> nincs ker\u00edt\u00e9s igaz\u00e1b\u00f3l sehol[\/caption]\r\n\r\n<img class=\"aligncenter size-medium wp-image-253\" src=\"https:\/\/webvarroda.cafeblog.hu\/files\/2018\/06\/IMG_20180524_133348-300x225.jpg\" alt=\"\" width=\"300\" height=\"225\" \/>\r\n\r\n[caption id=\"attachment_278\" align=\"aligncenter\" width=\"300\"]<img class=\"size-medium wp-image-278\" src=\"https:\/\/webvarroda.cafeblog.hu\/files\/2018\/06\/IMG_20180524_141420-300x225.jpg\" alt=\"\" width=\"300\" height=\"225\" \/> eper\u00fcltetv\u00e9ny[\/caption]\r\n\r\nM\u00e1snap Szilvi \u00e9s Korn\u00e9l is dolgozott, ez\u00e9rt elbandukoltam a helyi bev\u00e1s\u00e1rl\u00f3-k\u00f6zpontba, azt\u00e1n s\u00e9t\u00e1ltam egy j\u00f3 nagyot a k\u00f6rny\u00e9ken, megn\u00e9ztem az ipari l\u00e9tes\u00edtm\u00e9nyeket, \u00e9s \u00f6r\u00f6mmel l\u00e1ttam, hogy ugyanolyan targonca megy ott is, mint a Reagensben, csak a rajta \u00fcl\u0151 viking a nyolc- t\u00edzszeres\u00e9t keresi az \u00e9n fizet\u00e9semnek, mik\u00f6zben Magyarorsz\u00e1gon a benzin 400 Ft, ott meg \u00e1tsz\u00e1m\u00edtva 530 Ft, tal\u00e1n ez a nem mindegy.\r\n\r\nNo sebaj, fot\u00f3ztam egy csom\u00f3t, az orgona m\u00e9g akkor ny\u00edlott, mert ott \u00e1prilisban m\u00e9g h\u00f3 volt, el volt k\u00e9sve az eg\u00e9sz term\u00e9szet, a gesztenyefa is vir\u00e1gzott, \u00e9s a rododendron is csak akkor kezdett ny\u00edlni, pedig pont az\u00e9rt mentem ilyenkor, hogy rododendron-bokrokat l\u00e1ssak.\r\n\r\nRengeteg s\u00f6t\u00e9tlila orgona van ott, ez Magyarorsz\u00e1gon nem annyira elterjedt, de k\u00fcl\u00f6nlegesen sz\u00e9p.\r\n\r\n<img class=\"aligncenter size-medium wp-image-230\" src=\"https:\/\/webvarroda.cafeblog.hu\/files\/2018\/06\/IMG_20180524_133534-225x300.jpg\" alt=\"\" width=\"225\" height=\"300\" \/>\r\n\r\n[caption id=\"attachment_231\" align=\"aligncenter\" width=\"225\"]<img class=\"size-medium wp-image-231\" src=\"https:\/\/webvarroda.cafeblog.hu\/files\/2018\/06\/IMG_20180524_141358-225x300.jpg\" alt=\"\" width=\"225\" height=\"300\" \/> orgona minden sarkon[\/caption]\r\n\r\n[caption id=\"attachment_232\" align=\"aligncenter\" width=\"300\"]<img class=\"size-medium wp-image-232\" src=\"https:\/\/webvarroda.cafeblog.hu\/files\/2018\/06\/IMG_20180524_141431-300x225.jpg\" alt=\"\" width=\"300\" height=\"225\" \/> rododendron, amikor meg\u00e9rkeztem, m\u00e1jus 23.[\/caption]\r\n\r\n[caption id=\"attachment_234\" align=\"aligncenter\" width=\"225\"]<img class=\"size-medium wp-image-234\" src=\"https:\/\/webvarroda.cafeblog.hu\/files\/2018\/06\/IMG_20180526_130425-e1529437945253-225x300.jpg\" alt=\"\" width=\"225\" height=\"300\" \/> gesztenye[\/caption]\r\n\r\n<img class=\"aligncenter size-medium wp-image-235\" src=\"https:\/\/webvarroda.cafeblog.hu\/files\/2018\/06\/IMG_20180526_174842-300x225.jpg\" alt=\"\" width=\"300\" height=\"225\" \/>\r\n\r\n&nbsp;\r\n\r\nD\u00e9lut\u00e1n \u00e9n hoztam haza az ovib\u00f3l Henriket, \u00edgy Korn\u00e9lnak nem kellett rohannia a munk\u00e1b\u00f3l, hogy oda\u00e9rjen oviz\u00e1r\u00e1s el\u0151tt. (Korn\u00e9l patikavezet\u0151 a tengerparti gy\u00f3gyszert\u00e1rban, az irod\u00e1ja a kik\u00f6t\u0151re n\u00e9z, sanyar\u00fa a sorsa). Este \u00f6sszeszedt\u00fck m\u00e9g Szilvit munka ut\u00e1n (\u0151 is patikus, egy bev\u00e1s\u00e1rl\u00f3k\u00f6zpontban, ez nem annyira romantikus, az ablaka egy k\u00f6rforgalomra n\u00e9z), \u00e9s lement\u00fcnk a tengerpartra vacsor\u00e1zni, ezt ettem, nyami:\r\n\r\n<img class=\"aligncenter size-medium wp-image-236\" src=\"https:\/\/webvarroda.cafeblog.hu\/files\/2018\/06\/IMG_20180524_193515-300x225.jpg\" alt=\"\" width=\"300\" height=\"225\" \/>\r\n\r\nEz olyan, mint a t\u00f6kmag, csak bontogatod a kis csomagokat, de nem laksz vele j\u00f3l sosem. R\u00e1ad\u00e1sul szemreh\u00e1ny\u00f3an n\u00e9znek r\u00e1d a kis r\u00e1kok (mindenesetre finom kaja szerintem).\r\n\r\nEste a Korn\u00e9l \u00e1ltal f\u0151z\u00f6tt h\u00e1zi s\u00f6rt ittuk, olyan fejleszt\u00e9sei vannak ez\u00fcgyben, hogy el akart\u00e1k cs\u00e1b\u00edtani saj\u00e1t s\u00f6r\u00f6z\u0151t nyitni, de azt\u00e1n maradt a patik\u00e1n\u00e1l. Tal\u00e1n m\u00e9g a m\u00falt sz\u00e1zadban, mikor d\u00e9dany\u00e1m volt patikus, akkor fejlesztettek \u00edgy mindenf\u00e9l\u00e9t a gy\u00f3gyszer\u00e9szek, \u00e9s milyen j\u00f3, hogy ott Skandin\u00e1vi\u00e1ban m\u00e9g van ehhez kedv\u00fck, energi\u00e1juk, \u00e9s nem utols\u00f3 sorban anyagi lehet\u0151s\u00e9g\u00fck.\r\n\r\nM\u00e1snap Henriket beinstall\u00e1ltuk az \u00f3vod\u00e1ba, Korn\u00e9lt felinstall\u00e1ltuk a vonatra, hogy menjen egy bar\u00e1tj\u00e1val Birmingham-be kocsmat\u00far\u00e1zni, mi meg elment\u00fcnk hegyet m\u00e1szni. S\u00e9t\u00e1ltunk a tenger melletti, Ferris nev\u0171 \u00e9desv\u00edz\u0171 t\u00f3n\u00e1l, ahonnan a v\u00e1ros az iv\u00f3vizet kapja, ez egy forr\u00e1s t\u00e1pl\u00e1lta t\u00f3, nagyon j\u00f3 vize van. \u00d6sszek\u00f6ttet\u00e9sben van a tengerrel egy kicsi foly\u00f3 \u00e1ltal. Azt\u00e1n felment\u00fcnk egy hegyre, ahonnan nagyon sz\u00e9p volt a kil\u00e1t\u00e1s.\r\n\r\n<img class=\"aligncenter size-medium wp-image-237\" src=\"https:\/\/webvarroda.cafeblog.hu\/files\/2018\/06\/Clipboard01-300x135.jpg\" alt=\"\" width=\"300\" height=\"135\" \/>\r\n\r\n<img class=\"aligncenter size-medium wp-image-238\" src=\"https:\/\/webvarroda.cafeblog.hu\/files\/2018\/06\/IMG_20180525_105903-300x225.jpg\" alt=\"\" width=\"300\" height=\"225\" \/> <img class=\"aligncenter size-medium wp-image-239\" src=\"https:\/\/webvarroda.cafeblog.hu\/files\/2018\/06\/IMG_20180525_114225-300x225.jpg\" alt=\"\" width=\"300\" height=\"225\" \/> <img class=\"aligncenter size-medium wp-image-240\" src=\"https:\/\/webvarroda.cafeblog.hu\/files\/2018\/06\/IMG_20180525_114230-300x225.jpg\" alt=\"\" width=\"300\" height=\"225\" \/> <img class=\"aligncenter size-medium wp-image-241\" src=\"https:\/\/webvarroda.cafeblog.hu\/files\/2018\/06\/IMG_20180525_114234-300x225.jpg\" alt=\"\" width=\"300\" height=\"225\" \/>\r\n\r\n[caption id=\"attachment_242\" align=\"aligncenter\" width=\"300\"]<img class=\"size-medium wp-image-242\" src=\"https:\/\/webvarroda.cafeblog.hu\/files\/2018\/06\/IMG_20180525_114322-300x225.jpg\" alt=\"\" width=\"300\" height=\"225\" \/> Ferris[\/caption]\r\n\r\n[caption id=\"attachment_244\" align=\"aligncenter\" width=\"300\"]<img class=\"size-medium wp-image-244\" src=\"https:\/\/webvarroda.cafeblog.hu\/files\/2018\/06\/IMG_20180525_123817-300x225.jpg\" alt=\"\" width=\"300\" height=\"225\" \/> Vardeberget, ide ment\u00fcnk[\/caption]\r\n\r\n[caption id=\"attachment_243\" align=\"aligncenter\" width=\"225\"]<img class=\"size-medium wp-image-243\" src=\"https:\/\/webvarroda.cafeblog.hu\/files\/2018\/06\/IMG_20180525_123508-225x300.jpg\" alt=\"\" width=\"225\" height=\"300\" \/> norv\u00e9g erd\u0151[\/caption]\r\n\r\nAz erd\u0151 faun\u00e1ja, amit lencsev\u00e9gre lehetett kapni:\r\n\r\n[caption id=\"attachment_245\" align=\"aligncenter\" width=\"300\"]<img class=\"size-medium wp-image-245\" src=\"https:\/\/webvarroda.cafeblog.hu\/files\/2018\/06\/IMG_20180525_113803-300x225.jpg\" alt=\"\" width=\"300\" height=\"225\" \/> ez a vask\u00edgy\u00f3 nev\u0171 sikl\u00f3[\/caption]\r\n\r\n[caption id=\"attachment_246\" align=\"aligncenter\" width=\"300\"]<img class=\"size-medium wp-image-246\" src=\"https:\/\/webvarroda.cafeblog.hu\/files\/2018\/06\/IMG_20180525_123942-300x225.jpg\" alt=\"\" width=\"300\" height=\"225\" \/> ez egy k\u00edgy\u00f3, de nem tudjuk, milyen[\/caption]\r\n\r\n[caption id=\"attachment_247\" align=\"aligncenter\" width=\"225\"]<img class=\"size-medium wp-image-247\" src=\"https:\/\/webvarroda.cafeblog.hu\/files\/2018\/06\/IMG_20180525_190745-225x300.jpg\" alt=\"\" width=\"225\" height=\"300\" \/> \u00d3\u00f3\u00f3ri\u00e1si hangya, azt\u00e1n mint a hangy\u00e1s csoportban megtudtam, Camponotus herculeanus kir\u00e1lyn\u0151. Sajnos csak 3 Camponotus faj \u00e9l ott.[\/caption]\r\n\r\nAkkor m\u00e1r megmutatom a h\u00e1zi\u00e1llatokat is:\r\n\r\n[caption id=\"attachment_254\" align=\"aligncenter\" width=\"225\"]<img class=\"size-medium wp-image-254\" src=\"https:\/\/webvarroda.cafeblog.hu\/files\/2018\/06\/IMG_20180523_223218-225x300.jpg\" alt=\"\" width=\"225\" height=\"300\" \/> Ez egy j\u00f3kora p\u00f3k[\/caption]\r\n\r\n[caption id=\"attachment_255\" align=\"aligncenter\" width=\"225\"]<img class=\"size-medium wp-image-255\" src=\"https:\/\/webvarroda.cafeblog.hu\/files\/2018\/06\/IMG_20180524_124950-225x300.jpg\" alt=\"\" width=\"225\" height=\"300\" \/> elk\u00e9peszt\u0151 m\u00e9ret\u0171 \u00e1szka[\/caption]\r\n\r\nHazament\u00fcnk eb\u00e9delni, lazac volt, cukkini meg spen\u00f3t, ezt mi f\u0151zt\u00fck, ott ez az alapkaja, a lazac meg a r\u00e1k meg a marha.\r\n\r\n<img class=\"aligncenter size-medium wp-image-256\" src=\"https:\/\/webvarroda.cafeblog.hu\/files\/2018\/06\/IMG_20180525_144349-300x225.jpg\" alt=\"\" width=\"300\" height=\"225\" \/>\r\n\r\nK\u00e9s\u0151bb, mikor Henrik hazaj\u00f6tt az ovib\u00f3l, lement\u00fcnk megint a Ferris partj\u00e1ra, gyereket s\u00e9t\u00e1ltatni.\r\n\r\n[caption id=\"attachment_257\" align=\"aligncenter\" width=\"300\"]<img class=\"size-medium wp-image-257\" src=\"https:\/\/webvarroda.cafeblog.hu\/files\/2018\/06\/IMG_20180525_175446-300x225.jpg\" alt=\"\" width=\"300\" height=\"225\" \/> A Ferris partj\u00e1n, Henrikkel[\/caption]\r\n\r\n<img class=\"aligncenter size-medium wp-image-258\" src=\"https:\/\/webvarroda.cafeblog.hu\/files\/2018\/06\/IMG_20180525_175843-225x300.jpg\" alt=\"\" width=\"225\" height=\"300\" \/> <img class=\"aligncenter size-medium wp-image-259\" src=\"https:\/\/webvarroda.cafeblog.hu\/files\/2018\/06\/IMG_20180525_180830-300x225.jpg\" alt=\"\" width=\"300\" height=\"225\" \/> <img class=\"aligncenter size-medium wp-image-260\" src=\"https:\/\/webvarroda.cafeblog.hu\/files\/2018\/06\/IMG_20180525_181320-300x225.jpg\" alt=\"\" width=\"300\" height=\"225\" \/> <img class=\"aligncenter size-medium wp-image-261\" src=\"https:\/\/webvarroda.cafeblog.hu\/files\/2018\/06\/IMG_20180525_181406-225x300.jpg\" alt=\"\" width=\"225\" height=\"300\" \/> <img class=\"aligncenter size-medium wp-image-262\" src=\"https:\/\/webvarroda.cafeblog.hu\/files\/2018\/06\/IMG_20180525_181427-300x225.jpg\" alt=\"\" width=\"300\" height=\"225\" \/> <img class=\"aligncenter size-medium wp-image-263\" src=\"https:\/\/webvarroda.cafeblog.hu\/files\/2018\/06\/IMG_20180525_181433-300x225.jpg\" alt=\"\" width=\"300\" height=\"225\" \/>\r\n\r\nM\u00e1snap m\u00e1r szombat volt, Henrikkel lement\u00fcnk a tengerpartra, fagyizni meg kagyl\u00f3t gy\u0171jteni.\r\n\r\n<img class=\"aligncenter size-medium wp-image-264\" src=\"https:\/\/webvarroda.cafeblog.hu\/files\/2018\/06\/IMG_20180526_130355-e1529696423221-300x225.jpg\" alt=\"\" width=\"300\" height=\"225\" \/> <img class=\"aligncenter size-medium wp-image-265\" src=\"https:\/\/webvarroda.cafeblog.hu\/files\/2018\/06\/IMG_20180526_134117-300x225.jpg\" alt=\"\" width=\"300\" height=\"225\" \/> <img class=\"aligncenter size-medium wp-image-266\" src=\"https:\/\/webvarroda.cafeblog.hu\/files\/2018\/06\/IMG_20180526_134120-300x225.jpg\" alt=\"\" width=\"300\" height=\"225\" \/> <img class=\"aligncenter size-medium wp-image-267\" src=\"https:\/\/webvarroda.cafeblog.hu\/files\/2018\/06\/IMG_20180526_140235-300x225.jpg\" alt=\"\" width=\"300\" height=\"225\" \/>\r\n\r\nD\u00e9lut\u00e1n a k\u00f6zeli foly\u00f3hoz ment\u00fcnk, egy v\u00edzes\u00e9ses r\u00e9szhez, sokan horg\u00e1sztak ott. Pisztr\u00e1ng-fog\u00f3 hely, de kap\u00e1st nem l\u00e1ttunk. A foly\u00f3 melletti domboldalon rengeteg gy\u00f6ngyvir\u00e1g ny\u00edlt, hihetetlen illatuk volt, gyerekkoromban \u00e9reztem ilyet utolj\u00e1ra.\r\n\r\n<img class=\"aligncenter size-medium wp-image-268\" src=\"https:\/\/webvarroda.cafeblog.hu\/files\/2018\/06\/IMG_20180527_101416-300x225.jpg\" alt=\"\" width=\"300\" height=\"225\" \/> <img class=\"aligncenter size-medium wp-image-269\" src=\"https:\/\/webvarroda.cafeblog.hu\/files\/2018\/06\/IMG_20180527_101959-300x225.jpg\" alt=\"\" width=\"300\" height=\"225\" \/> <img class=\"aligncenter size-medium wp-image-270\" src=\"https:\/\/webvarroda.cafeblog.hu\/files\/2018\/06\/IMG_20180527_104104-300x225.jpg\" alt=\"\" width=\"300\" height=\"225\" \/> <img class=\"aligncenter size-medium wp-image-271\" src=\"https:\/\/webvarroda.cafeblog.hu\/files\/2018\/06\/IMG_20180527_104214-300x225.jpg\" alt=\"\" width=\"300\" height=\"225\" \/> <img class=\"aligncenter size-medium wp-image-272\" src=\"https:\/\/webvarroda.cafeblog.hu\/files\/2018\/06\/IMG_20180527_104257-300x225.jpg\" alt=\"\" width=\"300\" height=\"225\" \/>\r\n\r\n<img class=\"aligncenter size-medium wp-image-274\" src=\"https:\/\/webvarroda.cafeblog.hu\/files\/2018\/06\/IMG_20180527_102252-300x225.jpg\" alt=\"\" width=\"300\" height=\"225\" \/>\r\n\r\n<img class=\"aligncenter size-medium wp-image-275\" src=\"https:\/\/webvarroda.cafeblog.hu\/files\/2018\/06\/IMG_20180527_104006-225x300.jpg\" alt=\"\" width=\"225\" height=\"300\" \/>\r\n<img class=\"aligncenter size-medium wp-image-276\" src=\"https:\/\/webvarroda.cafeblog.hu\/files\/2018\/06\/IMG_20180527_104013-225x300.jpg\" alt=\"\" width=\"225\" height=\"300\" \/>\r\n\r\nAzt\u00e1n vas\u00e1rnapra v\u00e9gre kiny\u00edlt a rododendron-bokor a kertben:\r\n\r\n<img class=\"aligncenter size-medium wp-image-277\" src=\"https:\/\/webvarroda.cafeblog.hu\/files\/2018\/06\/IMG_20180527_112544-300x225.jpg\" alt=\"\" width=\"300\" height=\"225\" \/>\r\n\r\n\u00c1ltal\u00e1noss\u00e1gban elmondhat\u00f3, hogy 30 fok volt \u00e9s ver\u0151f\u00e9nyes naps\u00fct\u00e9s, m\u00e9g pul\u00f3vert sem vettem fel az \u00f6t nap alatt, pedig vittem dzsekit, nagykend\u0151t, mindent. \u00c9jjel 11-ig vil\u00e1gos volt teljesen, \u00e9s hajnal 4-kor ism\u00e9t, \u00e9s ekkor a madarak is r\u00e1zend\u00edtenek, hiszen felkelt a nap :) A p\u00e1fr\u00e1ny ott gyomnak sz\u00e1m\u00edt, mindenhol feny\u0151 van, a b\u00fckkerd\u0151 k\u00fcl\u00f6nleges \u00e9s becsben tartott r\u00e9sze a v\u00e1rosk\u00e1nak. Mindenhol szikl\u00e1s a talaj, de a n\u00f6v\u00e9nyek nagyon j\u00f3l meggy\u00f6keresednek a szikl\u00e1k reped\u00e9seiben \u00e9s \u00f3ri\u00e1sira n\u0151nek.\r\n\r\nAz \u00e9tteremben a gyerekesek k\u00fcl\u00f6n elb\u00e1n\u00e1sban r\u00e9szes\u00fclnek, Henrik vacsor\u00e1j\u00e1t hozt\u00e1k ki legel\u0151sz\u00f6r, \u00e9s a pizz\u00e1j\u00e1t megform\u00e1zt\u00e1k halacska alak\u00fara. A jeges csapv\u00edz ingyen j\u00e1r a vacsora mell\u00e9, ak\u00e1r k\u00e9t kancs\u00f3val is.\r\n\r\nMindenki mindenhol k\u00e1rty\u00e1val fizet, ritka a k\u00e9szp\u00e9nz haszn\u00e1lata, ebben az esetben az \u00e9lelmiszer-boltban az apr\u00f3p\u00e9nzt automata adja vissza, a pap\u00edrp\u00e9nzt a p\u00e9nzt\u00e1ros. A nejlonzacsk\u00f3 (vastag, tart\u00f3s) mindenhol ingyen van.\r\n\r\nAz esti rep\u00fcl\u0151g\u00e9ppel indultam (volna) haza, ez \u00f6reg, r\u00e9gi g\u00e9p volt. Besz\u00e1ll\u00e1skor valami furcsa \u00e9rz\u00e9sem volt, tudtam, hogy nagy baj nincs, de m\u00e9gis m\u00e1s volt most felsz\u00e1llni. Bent a g\u00e9pben nagyon-nagyon meleg volt, nem \u00e9rtettem. Kigurultunk a kifut\u00f3p\u00e1ly\u00e1ra, \u00e9s csak \u00e1lltunk, v\u00e1rtunk.\u00a0 Azt\u00e1n kij\u00f6tt a kapit\u00e1ny a pil\u00f3taf\u00fclk\u00e9b\u0151l, elmondta, hogy a kl\u00edmarendszer meg m\u00e9g valami elromlott (el\u0151bbi felt\u0171nt mindenkinek), vissza\u00e1llunk a parkol\u00f3ba \u00e9s t\u00edz perc m\u00falva indulunk, ha a szervizesek megjav\u00edtj\u00e1k a g\u00e9pet. Vissza\u00e1lltunk, majd f\u00e9l \u00f3r\u00e1nk\u00e9nt meg\u00edg\u00e9rt\u00e9k a t\u00edz perc m\u00falva indul\u00e1st, a stewardessek vizet osztogattak. M\u00e1sf\u00e9l \u00f3ra m\u00falva m\u00e1r minden sz\u00e9p volt \u00e9s j\u00f3 \u00e9s h\u0171v\u00f6s, de akkor meg kerozinra kellett v\u00e1rni, mert a nagy ide-oda \u00e1csorg\u00e1sban elfogyott az \u00fczemanyag (folyamatosan ment a g\u00e9p motorja). De \u00edgy szerencs\u00e9re nem s\u00fclt\u00fcnk meg a felh\u0151k felett, sz\u00f3val \u00e9rdemes volt v\u00e1rni.\r\n\r\nMikor v\u00e9gre elindultunk, a viking kapit\u00e1ny j\u00f3l odal\u00e9pett neki, \u00fagy ment\u00fcnk \u00e1t h\u00e1rom viharon N\u00e9metorsz\u00e1g felett, hogy csak \u00fagy f\u00fcst\u00f6lt. Dob\u00e1lta a g\u00e9pet \u00f6sszevissza a l\u00e9g\u00f6rv\u00e9ny, \u00f3ri\u00e1si volt. A k\u00e9t \u00e9s f\u00e9l \u00f3r\u00e1s utat k\u00e9t \u00f3ra t\u00edz perc alatt lezongor\u00e1zta, \u00e9n v\u00e9gig horgoltam a kis s\u00e1lamat, m\u00f6g\u00f6ttem egy n\u00e9ger l\u00e1ny pul\u00f3vert k\u00f6t\u00f6tt :)\r\n\r\nSz\u00f3val szuper utaz\u00e1s volt, Sziszk\u00e1val ugyan\u00fagy egyet mondunk \u00e9s egyet gondolunk, mint 20-30 \u00e9ve (ezt m\u00e9g le\u00edrni is sz\u00f6rny\u0171).\r\n\r\nTal\u00e1n j\u00f6v\u0151re vagy azut\u00e1n is lesz lehet\u0151s\u00e9gem megl\u00e1togatni \u0151ket, tal\u00e1n Zsuzsi is tudna j\u00f6nni vagy valahova kir\u00e1ndulni Skandin\u00e1vi\u00e1ban egy\u00fctt. \u00c9rdekes az ilyen, nagyon m\u00e1s orsz\u00e1got l\u00e1tni, szab\u00e1lyos \u00e9s \u00e9l\u00e9re vasalt minden, nincs szemetel\u00e9s, nem rohannak az aut\u00f3sok, ha elindulok \u00e1t az \u00faton gyalog, a k\u00f6zeled\u0151 aut\u00f3s meg\u00e1ll \u00e9s mosolyog, mikor \u00e1tenged maga el\u0151tt.\r\n\r\nHa megyek j\u00f6v\u0151re is, majd folytatom ezt a blogomat\u00a0 :)","type":"rich","thumbnail_url":"https:\/\/webvarroda.cafeblog.hu\/files\/2018\/06\/IMG_20180523_125527-150x150.jpg","thumbnail_width":150,"thumbnail_height":150}